{"id":21,"date":"2015-03-13T18:47:08","date_gmt":"2015-03-13T17:47:08","guid":{"rendered":"http:\/\/www.gebrauchstext.de\/fr\/?page_id=21"},"modified":"2015-08-19T15:00:10","modified_gmt":"2015-08-19T13:00:10","slug":"nos-services","status":"publish","type":"page","link":"https:\/\/www.gebrauchstext.de\/fr\/nos-services\/","title":{"rendered":"Nos services"},"content":{"rendered":"<h1> La communication, un facteur cl\u00e9<\/h1>\n<p>Se faire comprendre est un art que nous vivons au quotidien. C\u2019est parfois suffisamment difficile dans votre langue maternelle \u2013 sans parler d\u2019une langue \u00e9trang\u00e8re\u00a0! Voil\u00e0 pourquoi nous accompagnons votre message sur des sentiers parfois tortueux, de fa\u00e7on \u00e0 toucher votre public cible et garantir qu\u2019il sera compris.<\/p>\n<p><em>gebrauchstext<\/em> propose une gamme \u00e9tendue de services r\u00e9dactionnels\u00a0: lettres et brochures promotionnelles, communications institutionnelles (sites Web, brochures de pr\u00e9sentation, rapports annuels), en passant m\u00eame par des manuels et ouvrages non romanesques. Nous proposons tout, de la <a href=\"https:\/\/www.gebrauchstext.de\/fr\/redaction\/\">r\u00e9daction<\/a> \u00e0 <a href=\"https:\/\/www.gebrauchstext.de\/fr\/adaptation-et-traduction\/\">l\u2019adaptation<\/a>. Que nous soyons charg\u00e9s <a href=\"https:\/\/www.gebrauchstext.de\/fr\/revision-relecture\/\">de relire, de corriger<\/a> ou encore de <a href=\"https:\/\/www.gebrauchstext.de\/fr\/adaptation-et-traduction\/\">localiser<\/a> un texte pour vous, nous trouverons toujours les mots justes.<\/p>\n<p>Envoyez-nous un \u00e9chantillon \u00e9crit, nous nous ferons un plaisir de le peaufiner. Nous serons \u00e0 l\u2019aff\u00fbt d\u2019erreurs de forme et de contenu, garantirons que la langue et le style correspondent au produit et au public cible\u00a0et v\u00e9rifierons qu\u2019aucun contresens n\u2019a \u00e9t\u00e9 commis. Puis, nous traduirons votre document dans la langue adapt\u00e9e \u00e0 votre march\u00e9.<\/p>\n","protected":false},"excerpt":{"rendered":"<p>La communication, un facteur cl\u00e9 Se faire comprendre est un art que nous vivons au quotidien. C\u2019est parfois suffisamment difficile [&hellip;]<\/p>\n","protected":false},"author":1,"featured_media":0,"parent":0,"menu_order":0,"comment_status":"open","ping_status":"open","template":"","meta":[],"_links":{"self":[{"href":"https:\/\/www.gebrauchstext.de\/fr\/wp-json\/wp\/v2\/pages\/21"}],"collection":[{"href":"https:\/\/www.gebrauchstext.de\/fr\/wp-json\/wp\/v2\/pages"}],"about":[{"href":"https:\/\/www.gebrauchstext.de\/fr\/wp-json\/wp\/v2\/types\/page"}],"author":[{"embeddable":true,"href":"https:\/\/www.gebrauchstext.de\/fr\/wp-json\/wp\/v2\/users\/1"}],"replies":[{"embeddable":true,"href":"https:\/\/www.gebrauchstext.de\/fr\/wp-json\/wp\/v2\/comments?post=21"}],"version-history":[{"count":17,"href":"https:\/\/www.gebrauchstext.de\/fr\/wp-json\/wp\/v2\/pages\/21\/revisions"}],"predecessor-version":[{"id":2927,"href":"https:\/\/www.gebrauchstext.de\/fr\/wp-json\/wp\/v2\/pages\/21\/revisions\/2927"}],"wp:attachment":[{"href":"https:\/\/www.gebrauchstext.de\/fr\/wp-json\/wp\/v2\/media?parent=21"}],"curies":[{"name":"wp","href":"https:\/\/api.w.org\/{rel}","templated":true}]}}