{"id":59,"date":"2015-03-13T21:03:31","date_gmt":"2015-03-13T20:03:31","guid":{"rendered":"http:\/\/www.gebrauchstext.de\/fr\/?page_id=59"},"modified":"2015-08-19T14:46:39","modified_gmt":"2015-08-19T12:46:39","slug":"developpement-web","status":"publish","type":"page","link":"https:\/\/www.gebrauchstext.de\/fr\/developpement-web\/","title":{"rendered":"D\u00e9veloppement Web"},"content":{"rendered":"<h1>D\u00e9veloppement Web tout compris<\/h1>\n<p>Laissez-nous d\u00e9velopper et concevoir votre site Web. Nous ne nous arr\u00eaterons \u00e0 la cr\u00e9ation du site, d\u2019un contenu pertinent et d\u2019une copie impeccable. En nous occupant \u00e9galement de son design et de sa programmation, vos visiteurs y retourneront par plaisir. En outre, nous vous fournirons les textes dans toutes les langues n\u00e9cessaires.<\/p>\n<p><a href=\"https:\/\/www.gebrauchstext.de\/fr\/contact\/\">Contactez-nous<\/a> ou envoyez-nous un <a href=\"https:\/\/www.gebrauchstext.de\/fr\/contact\/\">e-mail<\/a> pour recevoir un devis sans obligation.<\/p>\n","protected":false},"excerpt":{"rendered":"<p>D\u00e9veloppement Web tout compris Laissez-nous d\u00e9velopper et concevoir votre site Web. Nous ne nous arr\u00eaterons \u00e0 la cr\u00e9ation du site, [&hellip;]<\/p>\n","protected":false},"author":1,"featured_media":0,"parent":0,"menu_order":0,"comment_status":"open","ping_status":"open","template":"","meta":[],"_links":{"self":[{"href":"https:\/\/www.gebrauchstext.de\/fr\/wp-json\/wp\/v2\/pages\/59"}],"collection":[{"href":"https:\/\/www.gebrauchstext.de\/fr\/wp-json\/wp\/v2\/pages"}],"about":[{"href":"https:\/\/www.gebrauchstext.de\/fr\/wp-json\/wp\/v2\/types\/page"}],"author":[{"embeddable":true,"href":"https:\/\/www.gebrauchstext.de\/fr\/wp-json\/wp\/v2\/users\/1"}],"replies":[{"embeddable":true,"href":"https:\/\/www.gebrauchstext.de\/fr\/wp-json\/wp\/v2\/comments?post=59"}],"version-history":[{"count":10,"href":"https:\/\/www.gebrauchstext.de\/fr\/wp-json\/wp\/v2\/pages\/59\/revisions"}],"predecessor-version":[{"id":2923,"href":"https:\/\/www.gebrauchstext.de\/fr\/wp-json\/wp\/v2\/pages\/59\/revisions\/2923"}],"wp:attachment":[{"href":"https:\/\/www.gebrauchstext.de\/fr\/wp-json\/wp\/v2\/media?parent=59"}],"curies":[{"name":"wp","href":"https:\/\/api.w.org\/{rel}","templated":true}]}}